{"id":29003,"date":"2020-07-23T10:37:43","date_gmt":"2020-07-23T08:37:43","guid":{"rendered":"https:\/\/parcodelpiano.ch\/park\/"},"modified":"2026-04-17T09:02:11","modified_gmt":"2026-04-17T07:02:11","slug":"park","status":"publish","type":"page","link":"https:\/\/parcodelpiano.ch\/de\/park\/","title":{"rendered":"Park"},"content":{"rendered":"<div class=\"wpb-content-wrapper\"><p>[vc_row][vc_column][dfd_spacer screen_wide_spacer_size=&#8220;80&#8243; screen_normal_resolution=&#8220;1024&#8243; screen_tablet_resolution=&#8220;800&#8243; screen_mobile_resolution=&#8220;480&#8243; screen_normal_spacer_size=&#8220;80&#8243; screen_tablet_spacer_size=&#8220;60&#8243; screen_mobile_spacer_size=&#8220;60&#8243;][\/vc_column][\/vc_row][vc_row css=&#8220;.vc_custom_1606742555222{padding-right: 30px !important;padding-left: 30px !important;}&#8220;][vc_column width=&#8220;3\/4&#8243; dfd_column_responsive_enable=&#8220;dfd-column-responsive-enable&#8220; css=&#8220;.vc_custom_1608034430007{border-right-width: 1px !important;padding-right: 20px !important;border-right-color: #b7b7b7 !important;border-right-style: solid !important;}&#8220; col_shadow=&#8220;box_shadow_enable:disable|shadow_horizontal:0|shadow_vertical:15|shadow_blur:50|shadow_spread:0|box_shadow_color:rgba(0%2C0%2C0%2C0.35)&#8220; col_shadow_hover=&#8220;box_shadow_enable:disable|shadow_horizontal:0|shadow_vertical:15|shadow_blur:50|shadow_spread:0|box_shadow_color:rgba(0%2C0%2C0%2C0.35)&#8220; responsive_styles=&#8220;border_right_mobile:0|padding_right_mobile:0&#8243;][vc_column_text]<\/p>\n<h1>Der Park<\/h1>\n<p>Der Park bietet eine hochwertige Landschaft mit \u00fcberwiegend l\u00e4ndlichem Charakter, die reich an nat\u00fcrlichen Lebensr\u00e4umen ist, in denen Landwirtschaft, Natur und Freizeitaktivit\u00e4ten harmonisch nebeneinander bestehen, was dem<br \/>gesamten Piano di Magadino einen zus\u00e4tzlichen Wert verleiht.<\/p>\n<p>Der Park Piano di Magadino ist ein <a href=\"https:\/\/www.parks.swiss\/it\/i_parchi_svizzeri\/ritratto_dei_parchi\/membri_associati.php\" target=\"_blank\" rel=\"noopener noreferrer\">assoziiertes Mitglied<\/a> des <a href=\"https:\/\/www.parks.swiss\/it\/i_parchi_svizzeri\/ritratto_dei_parchi\/membri_associati.php\" target=\"_blank\" rel=\"noopener noreferrer\">Netzwerks der Schweizer P\u00e4rke<\/a>.[\/vc_column_text][dfd_spacer screen_wide_spacer_size=&#8220;80&#8243; screen_normal_resolution=&#8220;1024&#8243; screen_tablet_resolution=&#8220;800&#8243; screen_mobile_resolution=&#8220;480&#8243; screen_normal_spacer_size=&#8220;100&#8243; screen_tablet_spacer_size=&#8220;0&#8243; screen_mobile_spacer_size=&#8220;0&#8243;][\/vc_column][vc_column width=&#8220;1\/4&#8243; dfd_column_responsive_enable=&#8220;dfd-column-responsive-enable&#8220; col_shadow=&#8220;box_shadow_enable:disable|shadow_horizontal:0|shadow_vertical:15|shadow_blur:50|shadow_spread:0|box_shadow_color:rgba(0%2C0%2C0%2C0.35)&#8220; col_shadow_hover=&#8220;box_shadow_enable:disable|shadow_horizontal:0|shadow_vertical:15|shadow_blur:50|shadow_spread:0|box_shadow_color:rgba(0%2C0%2C0%2C0.35)&#8220; css=&#8220;.vc_custom_1611322972951{padding-left: 20px !important;}&#8220; responsive_styles=&#8220;padding_top_mobile:20|padding_left_mobile:0&#8243;][vc_column_text]<strong>Der Park Piano di Magadino wurde durch einen kantonalen Nutzungsplan (PUC) formell festgelegt.<\/strong><br \/>Die Merkmale und Inhalte des PUC sind auf der Website des Kantons auf der Seite <a href=\"https:\/\/www4.ti.ch\/dt\/dstm\/sst\/temi\/parco-del-piano-di-magadino\/piano-di-utilizzazione-cantonale-puc\/piano-di-utilizzazione-cantonale\">Parco del Piano di Magadino<\/a>[\/vc_column_text][\/vc_column][\/vc_row][vc_row css=&#8220;.vc_custom_1606742555222{padding-right: 30px !important;padding-left: 30px !important;}&#8220;][vc_column col_shadow=&#8220;box_shadow_enable:disable|shadow_horizontal:0|shadow_vertical:15|shadow_blur:50|shadow_spread:0|box_shadow_color:rgba(0%2C0%2C0%2C0.35)&#8220; col_shadow_hover=&#8220;box_shadow_enable:disable|shadow_horizontal:0|shadow_vertical:15|shadow_blur:50|shadow_spread:0|box_shadow_color:rgba(0%2C0%2C0%2C0.35)&#8220;][dfd_spacer screen_wide_spacer_size=&#8220;40&#8243; screen_normal_resolution=&#8220;1024&#8243; screen_tablet_resolution=&#8220;800&#8243; screen_mobile_resolution=&#8220;480&#8243; screen_normal_spacer_size=&#8220;40&#8243; screen_tablet_spacer_size=&#8220;60&#8243; screen_mobile_spacer_size=&#8220;60&#8243;][vc_column_text css=&#8220;.vc_custom_1607891964203{padding-bottom: 30px !important;}&#8220;]<\/p>\n<h1>Der Umkreis<\/h1>\n<p><strong>Ein Gebiet f\u00fcr die Naherholung<\/strong><br \/>Der Park ist ein g\u00fcnstiger Erholungsraum, da er flach, gro\u00df und nahe an bebauten Gebieten liegt. Er ist leicht mit dem Fahrrad, zu Fuss oder mit \u00f6ffentlichen Verkehrsmitteln zu erreichen.[\/vc_column_text][dfd_single_image image=&#8220;30401&#8243; tutorials=&#8220;&#8220;][dfd_spacer screen_wide_spacer_size=&#8220;80&#8243; screen_normal_resolution=&#8220;1024&#8243; screen_tablet_resolution=&#8220;800&#8243; screen_mobile_resolution=&#8220;480&#8243; screen_normal_spacer_size=&#8220;80&#8243; screen_tablet_spacer_size=&#8220;60&#8243; screen_mobile_spacer_size=&#8220;60&#8243;][\/vc_column][\/vc_row][vc_row css=&#8220;.vc_custom_1606742555222{padding-right: 30px !important;padding-left: 30px !important;}&#8220;][vc_column width=&#8220;3\/4&#8243; dfd_column_responsive_enable=&#8220;dfd-column-responsive-enable&#8220; css=&#8220;.vc_custom_1608034430007{border-right-width: 1px !important;padding-right: 20px !important;border-right-color: #b7b7b7 !important;border-right-style: solid !important;}&#8220; col_shadow=&#8220;box_shadow_enable:disable|shadow_horizontal:0|shadow_vertical:15|shadow_blur:50|shadow_spread:0|box_shadow_color:rgba(0%2C0%2C0%2C0.35)&#8220; col_shadow_hover=&#8220;box_shadow_enable:disable|shadow_horizontal:0|shadow_vertical:15|shadow_blur:50|shadow_spread:0|box_shadow_color:rgba(0%2C0%2C0%2C0.35)&#8220; responsive_styles=&#8220;border_right_mobile:0|padding_right_mobile:0&#8243;][vc_column_text css=&#8220;.vc_custom_1607892135666{padding-bottom: 10px !important;}&#8220;]<\/p>\n<h1>Der Park in Zahlen<\/h1>\n<p>[\/vc_column_text][vc_row_inner][vc_column_inner width=&#8220;1\/3&#8243; dfd_column_responsive_enable=&#8220;dfd-column-responsive-enable&#8220; css=&#8220;.vc_custom_1607332907627{padding-right: 10px !important;}&#8220; col_inner_shadow=&#8220;box_shadow_enable:disable|shadow_horizontal:0|shadow_vertical:15|shadow_blur:50|shadow_spread:0|box_shadow_color:rgba(0%2C0%2C0%2C0.35)&#8220; col_inner_shadow_hover=&#8220;box_shadow_enable:disable|shadow_horizontal:0|shadow_vertical:15|shadow_blur:50|shadow_spread:0|box_shadow_color:rgba(0%2C0%2C0%2C0.35)&#8220; responsive_styles=&#8220;padding_right_mobile:0&#8243;][vc_column_text css=&#8220;.vc_custom_1608025681806{padding-bottom: 15px !important;}&#8220;]<\/p>\n<h2><span style=\"color: #45bc43;\">Gebiet<\/span><\/h2>\n<p>8 Gemeinden (<a href=\"https:\/\/www.bellinzona.ch\/\" target=\"_blank\" rel=\"noopener noreferrer\">Bellinzona<\/a>, <a href=\"https:\/\/www.cadenazzo.ch\/\" target=\"_blank\" rel=\"noopener noreferrer\">Cadenazzo<\/a>, <a href=\"https:\/\/www.cugnasco-gerra.ch\/\" target=\"_blank\" rel=\"noopener noreferrer\">Cugnasco-Gerra<\/a>, <a href=\"https:\/\/www.gambarogno.ch\/\" target=\"_blank\" rel=\"noopener noreferrer\">Gambarogno<\/a>, <a href=\"https:\/\/www.gambarogno.ch\/\" target=\"_blank\" rel=\"noopener noreferrer\">Gordola<\/a>, <a href=\"https:\/\/www.locarno.ch\/\" target=\"_blank\" rel=\"noopener noreferrer\">Locarno<\/a>, <a href=\"http:\/\/www.santonino.ch\/\" target=\"_blank\" rel=\"noopener noreferrer\">S.Antonino<\/a> <a href=\"https:\/\/www.tenero-contra.ch\/\" target=\"_blank\" rel=\"noopener noreferrer\">Tenero-Contra<\/a>)<\/p>\n<hr \/>\n<p>2&#8217;350 ha Fl\u00e4che<\/p>\n<hr \/>\n<p>100&#8217;000 Einwohner im potenziellen Einzugsgebiet<\/p>\n<hr \/>\n<p>erstreckt sich in den Gebieten rund um den Fluss Ticino auf einer L\u00e4nge von 11 km und einer Breite von ca. 2 km[\/vc_column_text][\/vc_column_inner][vc_column_inner width=&#8220;1\/3&#8243; dfd_column_responsive_enable=&#8220;dfd-column-responsive-enable&#8220; css=&#8220;.vc_custom_1607333002182{padding-right: 5px !important;padding-left: 5px !important;}&#8220; col_inner_shadow=&#8220;box_shadow_enable:disable|shadow_horizontal:0|shadow_vertical:15|shadow_blur:50|shadow_spread:0|box_shadow_color:rgba(0%2C0%2C0%2C0.35)&#8220; col_inner_shadow_hover=&#8220;box_shadow_enable:disable|shadow_horizontal:0|shadow_vertical:15|shadow_blur:50|shadow_spread:0|box_shadow_color:rgba(0%2C0%2C0%2C0.35)&#8220; responsive_styles=&#8220;padding_top_mobile:30|padding_bottom_mobile:30|padding_left_mobile:0|padding_right_mobile:0&#8243;][vc_column_text css=&#8220;.vc_custom_1608025338788{padding-bottom: 15px !important;}&#8220;]<\/p>\n<h2><span style=\"color: #95c11f;\">Landwirtschaft<\/span><\/h2>\n<p>76 Betriebe mit 326 Besch\u00e4ftigten, 24 Betriebe mit agrotouristischen Aktivit\u00e4ten<\/p>\n<hr \/>\n<p>70% der Nutzfl\u00e4che sind landwirtschaftlich genutzt<\/p>\n<hr \/>\n<p>liefert 43% der Tessiner Milchproduktion im Sommer und 23% im Winter<\/p>\n<hr \/>\n<p>75% der Tessiner Gem\u00fcseproduktion stammt wertm\u00e4ssig aus der Magadino Eb[\/vc_column_text][\/vc_column_inner][vc_column_inner width=&#8220;1\/3&#8243; dfd_column_responsive_enable=&#8220;dfd-column-responsive-enable&#8220; css=&#8220;.vc_custom_1607332932847{padding-left: 10px !important;}&#8220; col_inner_shadow=&#8220;box_shadow_enable:disable|shadow_horizontal:0|shadow_vertical:15|shadow_blur:50|shadow_spread:0|box_shadow_color:rgba(0%2C0%2C0%2C0.35)&#8220; col_inner_shadow_hover=&#8220;box_shadow_enable:disable|shadow_horizontal:0|shadow_vertical:15|shadow_blur:50|shadow_spread:0|box_shadow_color:rgba(0%2C0%2C0%2C0.35)&#8220; responsive_styles=&#8220;padding_left_mobile:0&#8243;][vc_column_text css=&#8220;.vc_custom_1608025556052{padding-bottom: 15px !important;}&#8220;]<\/p>\n<h2><span style=\"color: #00a29e;\">Natur<\/span><\/h2>\n<p>63 inventarisierte Objekte auf kantonaler, nationaler und internationaler Ebene<\/p>\n<hr \/>\n<p>Das Sumpfgebiet umfasst 46% des Parkgebiets, das <a href=\"https:\/\/www.bafu.admin.ch\/bafu\/it\/home\/temi\/biodiversita\/info-specialisti\/misure-per-conservare-e-promuovere-la-biodiversita\/infrastruttura-ecologica\/siti-ramsar.html\">Ramsar-Gebiet<\/a> (Bolle di Magadino) 28%<\/p>\n<hr \/>\n<p>Strategischer Bereich f\u00fcr die Erhaltung der Biodiversit\u00e4t auf kantonaler und nationaler Ebene<\/p>\n<hr \/>\n<p>Vorzugskorridor von internationalem Wert f\u00fcr Zugv\u00f6gel[\/vc_column_text][\/vc_column_inner][\/vc_row_inner][dfd_spacer screen_wide_spacer_size=&#8220;80&#8243; screen_normal_resolution=&#8220;1024&#8243; screen_tablet_resolution=&#8220;800&#8243; screen_mobile_resolution=&#8220;480&#8243; screen_normal_spacer_size=&#8220;80&#8243; screen_tablet_spacer_size=&#8220;60&#8243; screen_mobile_spacer_size=&#8220;60&#8243;][vc_column_text css=&#8220;.vc_custom_1607892177628{padding-bottom: 30px !important;}&#8220;]<\/p>\n<h1>Die Ziele<\/h1>\n<p><\/p>\n<ol>\n<li>Verbesserung der Landschaftsqualit\u00e4t, des \u00f6kologischen Reichtums und der biologischen Vielfalt;<\/li>\n<li>St\u00e4rkung des Agrarsektors und Unterst\u00fctzung der landwirtschaftlichen Betriebe durch F\u00f6rderung der Zusammenarbeit zwischen ihnen;<\/li>\n<li>Schutz, Bewirtschaftung und F\u00f6rderung der nat\u00fcrlichen Bestandteile und \u00f6kologischen Funktionen;<\/li>\n<li>Aufwertung der Naherholung als Bestandteil des regionalen Tourismusangebots;<\/li>\n<li>F\u00f6rderung von Synergieeffekten zwischen Landwirtschaft, Natur und Naherholung;<\/li>\n<li>Sicherstellung einer koordinierten und auf die Ziele des Parks abgestimmten Mobilit\u00e4t;<\/li>\n<li>Verbesserung der Umweltqualit\u00e4t im Park;<\/li>\n<li>Information und Sensibilisierung f\u00fcr die Inhalte und Werte des Parks.<\/li>\n<\/ol>\n<p>[\/vc_column_text][\/vc_column][vc_column width=&#8220;1\/4&#8243; dfd_column_responsive_enable=&#8220;dfd-column-responsive-enable&#8220; col_shadow=&#8220;box_shadow_enable:disable|shadow_horizontal:0|shadow_vertical:15|shadow_blur:50|shadow_spread:0|box_shadow_color:rgba(0%2C0%2C0%2C0.35)&#8220; col_shadow_hover=&#8220;box_shadow_enable:disable|shadow_horizontal:0|shadow_vertical:15|shadow_blur:50|shadow_spread:0|box_shadow_color:rgba(0%2C0%2C0%2C0.35)&#8220; css=&#8220;.vc_custom_1608034418158{padding-left: 20px !important;}&#8220; responsive_styles=&#8220;padding_top_mobile:60|padding_left_mobile:0&#8243;][vc_column_text css=&#8220;.vc_custom_1607332860052{padding-bottom: 10px !important;}&#8220;]<\/p>\n<h1>Organisation<\/h1>\n<p>[\/vc_column_text][vc_column_text]<strong>Rechtliche Grundlagen<\/strong><br \/>&#8222;Naturpark&#8220; gem\u00e4ss Artikel 12 des kantonalen Naturschutzgesetzes (2001) und des kantonalen Nutzungsplans PUC PPDM, der 2014 vom Grossen Rat genehmigt wurde.[\/vc_column_text][vc_column_text css=&#8220;.vc_custom_1729159188738{padding-top: 20px !important;}&#8220;]<strong>Parkbeh\u00f6rde<\/strong><br \/>Die Stiftung Park Piano di Magadino wurde am 12. Oktober 2016 gegr\u00fcndet und besteht aus einem 17-k\u00f6pfigen Stiftungsrat und einem 5-k\u00f6pfigen Lenkungsausschuss.[\/vc_column_text][vc_column_text css=&#8220;.vc_custom_1729159295825{padding-top: 20px !important;}&#8220;]<strong>Die Verwaltung<\/strong><br \/>Die Stiftung wird von Giovanni Antognini als Direktor geleitet. Zwei Teilzeitkr\u00e4ften unterst\u00fczten Ihn in der Verwaltung.[\/vc_column_text][\/vc_column][\/vc_row][vc_row][vc_column][dfd_spacer screen_wide_spacer_size=&#8220;150&#8243; screen_normal_resolution=&#8220;1024&#8243; screen_tablet_resolution=&#8220;800&#8243; screen_mobile_resolution=&#8220;480&#8243; screen_normal_spacer_size=&#8220;150&#8243; screen_tablet_spacer_size=&#8220;100&#8243; screen_mobile_spacer_size=&#8220;80&#8243;][\/vc_column][\/vc_row]<\/p>\n<\/div>","protected":false},"excerpt":{"rendered":"<p>[vc_row][vc_column][dfd_spacer screen_wide_spacer_size=&#8220;80&#8243; screen_normal_resolution=&#8220;1024&#8243; screen_tablet_resolution=&#8220;800&#8243; screen_mobile_resolution=&#8220;480&#8243; screen_normal_spacer_size=&#8220;80&#8243; screen_tablet_spacer_size=&#8220;60&#8243; screen_mobile_spacer_size=&#8220;60&#8243;][\/vc_column][\/vc_row][vc_row css=&#8220;.vc_custom_1606742555222{padding-right: 30px !important;padding-left: 30px !important;}&#8220;][vc_column width=&#8220;3\/4&#8243; dfd_column_responsive_enable=&#8220;dfd-column-responsive-enable&#8220; css=&#8220;.vc_custom_1608034430007{border-right-width: 1px !important;padding-right: 20px !important;border-right-color: #b7b7b7 !important;border-right-style: solid !important;}&#8220; col_shadow=&#8220;box_shadow_enable:disable|shadow_horizontal:0|shadow_vertical:15|shadow_blur:50|shadow_spread:0|box_shadow_color:rgba(0%2C0%2C0%2C0.35)&#8220; col_shadow_hover=&#8220;box_shadow_enable:disable|shadow_horizontal:0|shadow_vertical:15|shadow_blur:50|shadow_spread:0|box_shadow_color:rgba(0%2C0%2C0%2C0.35)&#8220; responsive_styles=&#8220;border_right_mobile:0|padding_right_mobile:0&#8243;][vc_column_text] Der Park Der<\/p>\n","protected":false},"author":1,"featured_media":0,"parent":0,"menu_order":0,"comment_status":"closed","ping_status":"closed","template":"tmp-page.php","meta":{"footnotes":""},"class_list":["post-29003","page","type-page","status-publish","hentry"],"yoast_head":"<!-- This site is optimized with the Yoast SEO plugin v27.4 - https:\/\/yoast.com\/product\/yoast-seo-wordpress\/ -->\n<title>Park - parco del piano<\/title>\n<meta name=\"robots\" content=\"index, follow, max-snippet:-1, max-image-preview:large, max-video-preview:-1\" \/>\n<link rel=\"canonical\" href=\"https:\/\/parcodelpiano.ch\/de\/park\/\" \/>\n<meta property=\"og:locale\" content=\"de_DE\" \/>\n<meta property=\"og:type\" content=\"article\" \/>\n<meta property=\"og:title\" content=\"Park - parco del piano\" \/>\n<meta property=\"og:description\" content=\"[vc_row][vc_column][dfd_spacer screen_wide_spacer_size=&#8220;80&#8243; screen_normal_resolution=&#8220;1024&#8243; screen_tablet_resolution=&#8220;800&#8243; screen_mobile_resolution=&#8220;480&#8243; screen_normal_spacer_size=&#8220;80&#8243; screen_tablet_spacer_size=&#8220;60&#8243; screen_mobile_spacer_size=&#8220;60&#8243;][\/vc_column][\/vc_row][vc_row css=&#8220;.vc_custom_1606742555222{padding-right: 30px !important;padding-left: 30px !important;}&#8220;][vc_column width=&#8220;3\/4&#8243; dfd_column_responsive_enable=&#8220;dfd-column-responsive-enable&#8220; css=&#8220;.vc_custom_1608034430007{border-right-width: 1px !important;padding-right: 20px !important;border-right-color: #b7b7b7 !important;border-right-style: solid !important;}&#8220; col_shadow=&#8220;box_shadow_enable:disable|shadow_horizontal:0|shadow_vertical:15|shadow_blur:50|shadow_spread:0|box_shadow_color:rgba(0%2C0%2C0%2C0.35)&#8220; col_shadow_hover=&#8220;box_shadow_enable:disable|shadow_horizontal:0|shadow_vertical:15|shadow_blur:50|shadow_spread:0|box_shadow_color:rgba(0%2C0%2C0%2C0.35)&#8220; responsive_styles=&#8220;border_right_mobile:0|padding_right_mobile:0&#8243;][vc_column_text] Der Park Der\" \/>\n<meta property=\"og:url\" content=\"https:\/\/parcodelpiano.ch\/de\/park\/\" \/>\n<meta property=\"og:site_name\" content=\"parco del piano\" \/>\n<meta property=\"article:modified_time\" content=\"2026-04-17T07:02:11+00:00\" \/>\n<meta name=\"twitter:card\" content=\"summary_large_image\" \/>\n<meta name=\"twitter:label1\" content=\"Gesch\u00e4tzte Lesezeit\" \/>\n\t<meta name=\"twitter:data1\" content=\"7\u00a0Minuten\" \/>\n<script type=\"application\/ld+json\" class=\"yoast-schema-graph\">{\"@context\":\"https:\\\/\\\/schema.org\",\"@graph\":[{\"@type\":\"WebPage\",\"@id\":\"https:\\\/\\\/parcodelpiano.ch\\\/de\\\/park\\\/\",\"url\":\"https:\\\/\\\/parcodelpiano.ch\\\/de\\\/park\\\/\",\"name\":\"Park - parco del piano\",\"isPartOf\":{\"@id\":\"https:\\\/\\\/parcodelpiano.ch\\\/de\\\/#website\"},\"datePublished\":\"2020-07-23T08:37:43+00:00\",\"dateModified\":\"2026-04-17T07:02:11+00:00\",\"breadcrumb\":{\"@id\":\"https:\\\/\\\/parcodelpiano.ch\\\/de\\\/park\\\/#breadcrumb\"},\"inLanguage\":\"de\",\"potentialAction\":[{\"@type\":\"ReadAction\",\"target\":[\"https:\\\/\\\/parcodelpiano.ch\\\/de\\\/park\\\/\"]}]},{\"@type\":\"BreadcrumbList\",\"@id\":\"https:\\\/\\\/parcodelpiano.ch\\\/de\\\/park\\\/#breadcrumb\",\"itemListElement\":[{\"@type\":\"ListItem\",\"position\":1,\"name\":\"Home\",\"item\":\"https:\\\/\\\/parcodelpiano.ch\\\/de\\\/home-nuova\\\/\"},{\"@type\":\"ListItem\",\"position\":2,\"name\":\"Park\"}]},{\"@type\":\"WebSite\",\"@id\":\"https:\\\/\\\/parcodelpiano.ch\\\/de\\\/#website\",\"url\":\"https:\\\/\\\/parcodelpiano.ch\\\/de\\\/\",\"name\":\"parco del piano\",\"description\":\"Tutto un mondo da scoprire\",\"publisher\":{\"@id\":\"https:\\\/\\\/parcodelpiano.ch\\\/de\\\/#organization\"},\"potentialAction\":[{\"@type\":\"SearchAction\",\"target\":{\"@type\":\"EntryPoint\",\"urlTemplate\":\"https:\\\/\\\/parcodelpiano.ch\\\/de\\\/?s={search_term_string}\"},\"query-input\":{\"@type\":\"PropertyValueSpecification\",\"valueRequired\":true,\"valueName\":\"search_term_string\"}}],\"inLanguage\":\"de\"},{\"@type\":\"Organization\",\"@id\":\"https:\\\/\\\/parcodelpiano.ch\\\/de\\\/#organization\",\"name\":\"Fondazione Parco del Piano di Magadino\",\"url\":\"https:\\\/\\\/parcodelpiano.ch\\\/de\\\/\",\"logo\":{\"@type\":\"ImageObject\",\"inLanguage\":\"de\",\"@id\":\"https:\\\/\\\/parcodelpiano.ch\\\/de\\\/#\\\/schema\\\/logo\\\/image\\\/\",\"url\":\"https:\\\/\\\/parcodelpiano.ch\\\/wp-content\\\/uploads\\\/2024\\\/04\\\/parco_del_piano_di_magadino_logo.svg\",\"contentUrl\":\"https:\\\/\\\/parcodelpiano.ch\\\/wp-content\\\/uploads\\\/2024\\\/04\\\/parco_del_piano_di_magadino_logo.svg\",\"width\":1,\"height\":1,\"caption\":\"Fondazione Parco del Piano di Magadino\"},\"image\":{\"@id\":\"https:\\\/\\\/parcodelpiano.ch\\\/de\\\/#\\\/schema\\\/logo\\\/image\\\/\"},\"sameAs\":[\"https:\\\/\\\/www.instagram.com\\\/parcodelpianodimagadino\\\/\"]}]}<\/script>\n<!-- \/ Yoast SEO plugin. -->","yoast_head_json":{"title":"Park - parco del piano","robots":{"index":"index","follow":"follow","max-snippet":"max-snippet:-1","max-image-preview":"max-image-preview:large","max-video-preview":"max-video-preview:-1"},"canonical":"https:\/\/parcodelpiano.ch\/de\/park\/","og_locale":"de_DE","og_type":"article","og_title":"Park - parco del piano","og_description":"[vc_row][vc_column][dfd_spacer screen_wide_spacer_size=&#8220;80&#8243; screen_normal_resolution=&#8220;1024&#8243; screen_tablet_resolution=&#8220;800&#8243; screen_mobile_resolution=&#8220;480&#8243; screen_normal_spacer_size=&#8220;80&#8243; screen_tablet_spacer_size=&#8220;60&#8243; screen_mobile_spacer_size=&#8220;60&#8243;][\/vc_column][\/vc_row][vc_row css=&#8220;.vc_custom_1606742555222{padding-right: 30px !important;padding-left: 30px !important;}&#8220;][vc_column width=&#8220;3\/4&#8243; dfd_column_responsive_enable=&#8220;dfd-column-responsive-enable&#8220; css=&#8220;.vc_custom_1608034430007{border-right-width: 1px !important;padding-right: 20px !important;border-right-color: #b7b7b7 !important;border-right-style: solid !important;}&#8220; col_shadow=&#8220;box_shadow_enable:disable|shadow_horizontal:0|shadow_vertical:15|shadow_blur:50|shadow_spread:0|box_shadow_color:rgba(0%2C0%2C0%2C0.35)&#8220; col_shadow_hover=&#8220;box_shadow_enable:disable|shadow_horizontal:0|shadow_vertical:15|shadow_blur:50|shadow_spread:0|box_shadow_color:rgba(0%2C0%2C0%2C0.35)&#8220; responsive_styles=&#8220;border_right_mobile:0|padding_right_mobile:0&#8243;][vc_column_text] Der Park Der","og_url":"https:\/\/parcodelpiano.ch\/de\/park\/","og_site_name":"parco del piano","article_modified_time":"2026-04-17T07:02:11+00:00","twitter_card":"summary_large_image","twitter_misc":{"Gesch\u00e4tzte Lesezeit":"7\u00a0Minuten"},"schema":{"@context":"https:\/\/schema.org","@graph":[{"@type":"WebPage","@id":"https:\/\/parcodelpiano.ch\/de\/park\/","url":"https:\/\/parcodelpiano.ch\/de\/park\/","name":"Park - parco del piano","isPartOf":{"@id":"https:\/\/parcodelpiano.ch\/de\/#website"},"datePublished":"2020-07-23T08:37:43+00:00","dateModified":"2026-04-17T07:02:11+00:00","breadcrumb":{"@id":"https:\/\/parcodelpiano.ch\/de\/park\/#breadcrumb"},"inLanguage":"de","potentialAction":[{"@type":"ReadAction","target":["https:\/\/parcodelpiano.ch\/de\/park\/"]}]},{"@type":"BreadcrumbList","@id":"https:\/\/parcodelpiano.ch\/de\/park\/#breadcrumb","itemListElement":[{"@type":"ListItem","position":1,"name":"Home","item":"https:\/\/parcodelpiano.ch\/de\/home-nuova\/"},{"@type":"ListItem","position":2,"name":"Park"}]},{"@type":"WebSite","@id":"https:\/\/parcodelpiano.ch\/de\/#website","url":"https:\/\/parcodelpiano.ch\/de\/","name":"parco del piano","description":"Tutto un mondo da scoprire","publisher":{"@id":"https:\/\/parcodelpiano.ch\/de\/#organization"},"potentialAction":[{"@type":"SearchAction","target":{"@type":"EntryPoint","urlTemplate":"https:\/\/parcodelpiano.ch\/de\/?s={search_term_string}"},"query-input":{"@type":"PropertyValueSpecification","valueRequired":true,"valueName":"search_term_string"}}],"inLanguage":"de"},{"@type":"Organization","@id":"https:\/\/parcodelpiano.ch\/de\/#organization","name":"Fondazione Parco del Piano di Magadino","url":"https:\/\/parcodelpiano.ch\/de\/","logo":{"@type":"ImageObject","inLanguage":"de","@id":"https:\/\/parcodelpiano.ch\/de\/#\/schema\/logo\/image\/","url":"https:\/\/parcodelpiano.ch\/wp-content\/uploads\/2024\/04\/parco_del_piano_di_magadino_logo.svg","contentUrl":"https:\/\/parcodelpiano.ch\/wp-content\/uploads\/2024\/04\/parco_del_piano_di_magadino_logo.svg","width":1,"height":1,"caption":"Fondazione Parco del Piano di Magadino"},"image":{"@id":"https:\/\/parcodelpiano.ch\/de\/#\/schema\/logo\/image\/"},"sameAs":["https:\/\/www.instagram.com\/parcodelpianodimagadino\/"]}]}},"_links":{"self":[{"href":"https:\/\/parcodelpiano.ch\/de\/wp-json\/wp\/v2\/pages\/29003","targetHints":{"allow":["GET"]}}],"collection":[{"href":"https:\/\/parcodelpiano.ch\/de\/wp-json\/wp\/v2\/pages"}],"about":[{"href":"https:\/\/parcodelpiano.ch\/de\/wp-json\/wp\/v2\/types\/page"}],"author":[{"embeddable":true,"href":"https:\/\/parcodelpiano.ch\/de\/wp-json\/wp\/v2\/users\/1"}],"replies":[{"embeddable":true,"href":"https:\/\/parcodelpiano.ch\/de\/wp-json\/wp\/v2\/comments?post=29003"}],"version-history":[{"count":6,"href":"https:\/\/parcodelpiano.ch\/de\/wp-json\/wp\/v2\/pages\/29003\/revisions"}],"predecessor-version":[{"id":30408,"href":"https:\/\/parcodelpiano.ch\/de\/wp-json\/wp\/v2\/pages\/29003\/revisions\/30408"}],"wp:attachment":[{"href":"https:\/\/parcodelpiano.ch\/de\/wp-json\/wp\/v2\/media?parent=29003"}],"curies":[{"name":"wp","href":"https:\/\/api.w.org\/{rel}","templated":true}]}}